{"id":25,"date":"2025-07-08T16:02:47","date_gmt":"2025-07-08T16:02:47","guid":{"rendered":"http:\/\/staging.janina-sachse.de\/about\/"},"modified":"2026-04-23T13:58:44","modified_gmt":"2026-04-23T13:58:44","slug":"blog","status":"publish","type":"page","link":"https:\/\/janina-sachse.de\/pl\/blog\/","title":{"rendered":"Aktuelles"},"content":{"rendered":"<div data-elementor-type=\"wp-page\" data-elementor-id=\"25\" class=\"elementor elementor-25\">\n\t\t\t\t<div class=\"elementor-element elementor-element-30a2f9f e-flex e-con-boxed e-con e-parent\" data-id=\"30a2f9f\" data-element_type=\"container\" data-e-type=\"container\" data-settings=\"{&quot;background_background&quot;:&quot;classic&quot;}\">\n\t\t\t\t\t<div class=\"e-con-inner\">\n\t\t<div class=\"elementor-element elementor-element-d87b428 e-con-full e-flex e-con e-child\" data-id=\"d87b428\" data-element_type=\"container\" data-e-type=\"container\">\n\t\t\t\t<div class=\"elementor-element elementor-element-b2c5022 elementor-widget__width-initial elementor-widget elementor-widget-heading\" data-id=\"b2c5022\" data-element_type=\"widget\" data-e-type=\"widget\" data-widget_type=\"heading.default\">\n\t\t\t\t<div class=\"elementor-widget-container\">\n\t\t\t\t\t<h1 class=\"elementor-heading-title elementor-size-default\">POLtalk<\/h1>\t\t\t\t<\/div>\n\t\t\t\t<\/div>\n\t\t\t\t<div class=\"elementor-element elementor-element-7da17b2 elementor-widget__width-initial elementor-widget elementor-widget-heading\" data-id=\"7da17b2\" data-element_type=\"widget\" data-e-type=\"widget\" data-widget_type=\"heading.default\">\n\t\t\t\t<div class=\"elementor-widget-container\">\n\t\t\t\t\t<h6 class=\"elementor-heading-title elementor-size-default\">Smalltalk \u00fcber Polen und die polnische Sprache<\/h6>\t\t\t\t<\/div>\n\t\t\t\t<\/div>\n\t\t\t\t<\/div>\n\t\t\t\t\t<\/div>\n\t\t\t\t<\/div>\n\t\t<div class=\"elementor-element elementor-element-2680e76 e-flex e-con-boxed e-con e-parent\" data-id=\"2680e76\" data-element_type=\"container\" data-e-type=\"container\">\n\t\t\t\t\t<div class=\"e-con-inner\">\n\t\t<div class=\"elementor-element elementor-element-5662797 e-con-full e-flex e-con e-child\" data-id=\"5662797\" data-element_type=\"container\" data-e-type=\"container\">\n\t\t\t\t<div class=\"elementor-element elementor-element-7fb36de elementor-widget elementor-widget-image\" data-id=\"7fb36de\" data-element_type=\"widget\" data-e-type=\"widget\" data-widget_type=\"image.default\">\n\t\t\t\t<div class=\"elementor-widget-container\">\n\t\t\t\t\t\t\t\t\t\t\t\t\t\t\t<img fetchpriority=\"high\" decoding=\"async\" width=\"2560\" height=\"1707\" src=\"https:\/\/janina-sachse.de\/wp-content\/uploads\/2026\/02\/MarlenePfau-2807-scaled.jpg\" class=\"attachment-full size-full wp-image-1825\" alt=\"\" srcset=\"https:\/\/janina-sachse.de\/wp-content\/uploads\/2026\/02\/MarlenePfau-2807-scaled.jpg 2560w, https:\/\/janina-sachse.de\/wp-content\/uploads\/2026\/02\/MarlenePfau-2807-300x200.jpg 300w, https:\/\/janina-sachse.de\/wp-content\/uploads\/2026\/02\/MarlenePfau-2807-1024x683.jpg 1024w, https:\/\/janina-sachse.de\/wp-content\/uploads\/2026\/02\/MarlenePfau-2807-768x512.jpg 768w, https:\/\/janina-sachse.de\/wp-content\/uploads\/2026\/02\/MarlenePfau-2807-1536x1024.jpg 1536w, https:\/\/janina-sachse.de\/wp-content\/uploads\/2026\/02\/MarlenePfau-2807-2048x1366.jpg 2048w, https:\/\/janina-sachse.de\/wp-content\/uploads\/2026\/02\/MarlenePfau-2807-18x12.jpg 18w\" sizes=\"(max-width: 2560px) 100vw, 2560px\" \/>\t\t\t\t\t\t\t\t\t\t\t\t\t\t\t<\/div>\n\t\t\t\t<\/div>\n\t\t\t\t<\/div>\n\t\t<div class=\"elementor-element elementor-element-6df0288 e-con-full e-flex e-con e-child\" data-id=\"6df0288\" data-element_type=\"container\" data-e-type=\"container\">\n\t\t\t\t<div class=\"elementor-element elementor-element-e5576fb elementor-widget elementor-widget-heading\" data-id=\"e5576fb\" data-element_type=\"widget\" data-e-type=\"widget\" data-widget_type=\"heading.default\">\n\t\t\t\t<div class=\"elementor-widget-container\">\n\t\t\t\t\t<h2 class=\"elementor-heading-title elementor-size-default\">Drodzy czytelnicy<\/h2>\t\t\t\t<\/div>\n\t\t\t\t<\/div>\n\t\t\t\t<div class=\"elementor-element elementor-element-b9642da elementor-widget elementor-widget-text-editor\" data-id=\"b9642da\" data-element_type=\"widget\" data-e-type=\"widget\" data-widget_type=\"text-editor.default\">\n\t\t\t\t<div class=\"elementor-widget-container\">\n\t\t\t\t\t\t\t\t\t<p>Ta sekcja jest dost\u0119pna tylko w j\u0119zyku niemieckim. Przecie\u017c wam nie musz\u0119 t\u0142umaczy\u0107 co znaczy Taki jest Berlin...\u00a0<\/p><p>Durch Berlin flie\u00dft ja bekanntlich die Spree, aber an welchem Fluss liegt eigentlich Warschau?<\/p>\t\t\t\t\t\t\t\t<\/div>\n\t\t\t\t<\/div>\n\t\t\t\t<\/div>\n\t\t\t\t\t<\/div>\n\t\t\t\t<\/div>\n\t\t<div class=\"elementor-element elementor-element-4602706 e-flex e-con-boxed e-con e-parent\" data-id=\"4602706\" data-element_type=\"container\" data-e-type=\"container\" data-settings=\"{&quot;background_background&quot;:&quot;classic&quot;}\">\n\t\t\t\t\t<div class=\"e-con-inner\">\n\t\t<div class=\"elementor-element elementor-element-3e3e242 e-con-full e-flex e-con e-child\" data-id=\"3e3e242\" data-element_type=\"container\" data-e-type=\"container\">\n\t\t\t\t<div class=\"elementor-element elementor-element-024294f elementor-widget elementor-widget-heading\" data-id=\"024294f\" data-element_type=\"widget\" data-e-type=\"widget\" data-widget_type=\"heading.default\">\n\t\t\t\t<div class=\"elementor-widget-container\">\n\t\t\t\t\t<h2 class=\"elementor-heading-title elementor-size-default\">Polen ist \u00fcberall.<\/h2>\t\t\t\t<\/div>\n\t\t\t\t<\/div>\n\t\t\t\t<\/div>\n\t\t<div class=\"elementor-element elementor-element-cbf17be e-con-full e-flex e-con e-child\" data-id=\"cbf17be\" data-element_type=\"container\" data-e-type=\"container\">\n\t\t\t\t<div class=\"elementor-element elementor-element-40faf11 elementor-widget elementor-widget-heading\" data-id=\"40faf11\" data-element_type=\"widget\" data-e-type=\"widget\" data-widget_type=\"heading.default\">\n\t\t\t\t<div class=\"elementor-widget-container\">\n\t\t\t\t\t<h6 class=\"elementor-heading-title elementor-size-default\">Nur in Deutschland wei\u00df man immer noch zu wenig dar\u00fcber. Und bei der polnischen Sprache verstehen die meisten hierzulande nur Bahnhof.\nDeshalb m\u00f6chte ich an dieser Stelle etwas Licht ins Dunkel bringen.\n<\/h6>\t\t\t\t<\/div>\n\t\t\t\t<\/div>\n\t\t\t\t<div class=\"elementor-element elementor-element-d696e4b elementor-widget elementor-widget-text-editor\" data-id=\"d696e4b\" data-element_type=\"widget\" data-e-type=\"widget\" data-widget_type=\"text-editor.default\">\n\t\t\t\t<div class=\"elementor-widget-container\">\n\t\t\t\t\t\t\t\t\t<p>\u00a0&#8222;Bahnhof&#8220; hei\u00dft auf Polnisch \u00fcbrigens &#8222;dworzec&#8220;. Aber wenn man in Polen nur Bahnhof versteht, sitzt man in einer t\u00fcrkischen Predigt&#8230;<\/p><p><strong>Viel Spa\u00df beim Lesen!<\/strong><\/p>\t\t\t\t\t\t\t\t<\/div>\n\t\t\t\t<\/div>\n\t\t\t\t<\/div>\n\t\t\t\t\t<\/div>\n\t\t\t\t<\/div>\n\t\t<div class=\"elementor-element elementor-element-ab03037 e-flex e-con-boxed e-con e-parent\" data-id=\"ab03037\" data-element_type=\"container\" data-e-type=\"container\">\n\t\t\t\t\t<div class=\"e-con-inner\">\n\t\t<div class=\"elementor-element elementor-element-9f090d7 e-con-full e-flex e-con e-child\" data-id=\"9f090d7\" data-element_type=\"container\" data-e-type=\"container\">\n\t\t\t\t<div class=\"elementor-element elementor-element-8f37d14 elementor-widget elementor-widget-image\" data-id=\"8f37d14\" data-element_type=\"widget\" data-e-type=\"widget\" data-widget_type=\"image.default\">\n\t\t\t\t<div class=\"elementor-widget-container\">\n\t\t\t\t\t\t\t\t\t\t\t\t\t\t\t<img decoding=\"async\" width=\"1707\" height=\"2560\" src=\"https:\/\/janina-sachse.de\/wp-content\/uploads\/2026\/02\/MarlenePfau-2875-scaled.jpg\" class=\"attachment-full size-full wp-image-1826\" alt=\"\" srcset=\"https:\/\/janina-sachse.de\/wp-content\/uploads\/2026\/02\/MarlenePfau-2875-scaled.jpg 1707w, https:\/\/janina-sachse.de\/wp-content\/uploads\/2026\/02\/MarlenePfau-2875-200x300.jpg 200w, https:\/\/janina-sachse.de\/wp-content\/uploads\/2026\/02\/MarlenePfau-2875-683x1024.jpg 683w, https:\/\/janina-sachse.de\/wp-content\/uploads\/2026\/02\/MarlenePfau-2875-768x1151.jpg 768w, https:\/\/janina-sachse.de\/wp-content\/uploads\/2026\/02\/MarlenePfau-2875-1024x1536.jpg 1024w, https:\/\/janina-sachse.de\/wp-content\/uploads\/2026\/02\/MarlenePfau-2875-1366x2048.jpg 1366w, https:\/\/janina-sachse.de\/wp-content\/uploads\/2026\/02\/MarlenePfau-2875-8x12.jpg 8w\" sizes=\"(max-width: 1707px) 100vw, 1707px\" \/>\t\t\t\t\t\t\t\t\t\t\t\t\t\t\t<\/div>\n\t\t\t\t<\/div>\n\t\t\t\t<\/div>\n\t\t<div class=\"elementor-element elementor-element-ec43500 e-con-full e-flex e-con e-child\" data-id=\"ec43500\" data-element_type=\"container\" data-e-type=\"container\">\n\t\t\t\t<div class=\"elementor-element elementor-element-7794c1b elementor-widget elementor-widget-heading\" data-id=\"7794c1b\" data-element_type=\"widget\" data-e-type=\"widget\" data-widget_type=\"heading.default\">\n\t\t\t\t<div class=\"elementor-widget-container\">\n\t\t\t\t\t<h2 class=\"elementor-heading-title elementor-size-default\">Alles im Fluss...<\/h2>\t\t\t\t<\/div>\n\t\t\t\t<\/div>\n\t\t\t\t<div class=\"elementor-element elementor-element-de5ab95 elementor-widget elementor-widget-text-editor\" data-id=\"de5ab95\" data-element_type=\"widget\" data-e-type=\"widget\" data-widget_type=\"text-editor.default\">\n\t\t\t\t<div class=\"elementor-widget-container\">\n\t\t\t\t\t\t\t\t\t<p>Die Weichsel ist das l\u00e4ngste polnische Flie\u00dfgew\u00e4sser und gilt als &#8222;Nationalfluss&#8220;. Sie verbindet die alte Hauptstadt Krakau mit der neuen Hauptstadt Warschau, und ber\u00fchrt acht der 16 Woiwodschaften. An ihren Ufern liegen weitere bedeutende Orte wie Kazimierz, Pu\u0142awy, P\u0142ock, Toru\u0144, Bydgoszcz und Gda\u0144sk.<\/p><p>Ist das der Grund f\u00fcr diese Namensgebung?<\/p><p>Nat\u00fcrlich nicht. Im Berliner Bezirk Neuk\u00f6lln sind 33 Stra\u00dfen nach Fl\u00fcssen benannt. Deutsche Fl\u00fcsse. Oder das, was um 1900 als deutsch galt. Darunter nicht nur die Weichsel, sondern auch Oder, Warthe, Nei\u00dfe, Netze\/Note\u0107, Bober\/B\u00f3br, Nogat und Ossa\/Osa.<\/p><p>Ein St\u00fcck deutsch-polnische Geschichte.<\/p>\t\t\t\t\t\t\t\t<\/div>\n\t\t\t\t<\/div>\n\t\t\t\t<\/div>\n\t\t\t\t\t<\/div>\n\t\t\t\t<\/div>\n\t\t<div class=\"elementor-element elementor-element-378fce2 e-flex e-con-boxed e-con e-parent\" data-id=\"378fce2\" data-element_type=\"container\" data-e-type=\"container\">\n\t\t\t\t\t<div class=\"e-con-inner\">\n\t\t<div class=\"elementor-element elementor-element-4165041 e-con-full e-flex e-con e-child\" data-id=\"4165041\" data-element_type=\"container\" data-e-type=\"container\">\n\t\t\t\t<div class=\"elementor-element elementor-element-f179215 elementor-widget elementor-widget-heading\" data-id=\"f179215\" data-element_type=\"widget\" data-e-type=\"widget\" data-widget_type=\"heading.default\">\n\t\t\t\t<div class=\"elementor-widget-container\">\n\t\t\t\t\t<h2 class=\"elementor-heading-title elementor-size-default\">Wussten Sie schon...<\/h2>\t\t\t\t<\/div>\n\t\t\t\t<\/div>\n\t\t\t\t<div class=\"elementor-element elementor-element-a673b1f elementor-widget elementor-widget-text-editor\" data-id=\"a673b1f\" data-element_type=\"widget\" data-e-type=\"widget\" data-widget_type=\"text-editor.default\">\n\t\t\t\t<div class=\"elementor-widget-container\">\n\t\t\t\t\t\t\t\t\t<p>&#8230;dass Polnisch gar nicht so schwer ist, wie Sie dachten?\u00a0<\/p><p>Man muss ja nicht gleich mit solchen Kalibern wie <em>\u017ad\u017ab\u0142o<\/em> [Grashalm] oder <em>ojciec chrzestny<\/em> [Taufpate] anfangen. Ganz zu schweigen von dem ber\u00fcchtigten K\u00e4fer, der im Schilf brummt.<\/p><p>Erstens gibt es eine ganze Masse W\u00f6rter, die deutschsprachigen Menschen sofort vertraut vorkommen. Nicht nur <em>telefon<\/em>, <em>balkon<\/em>, <em>metro<\/em>, <em>hotel<\/em> &amp; Co, sondern auch <em>knajpa<\/em>, <em>kumpel<\/em>, <em>szuflada<\/em> und <em>fajny<\/em>.<\/p><p>Und ganz besonders nice: Die Ausspracheregeln. Einmal gelernt, nie wieder ratlos! Polnisch ist absolut eindeutig bei der Frage, wie ein Schriftbild sich gesprochen anzuh\u00f6ren hat.<\/p><p>Da kann das allgegenw\u00e4rtige Englisch nicht mithalten. Warum spricht man <em>beat<\/em> wie <em>sweet<\/em> aus, aber <em>sweat<\/em> nicht wie <em>wheat<\/em>?\u00a0<\/p>\t\t\t\t\t\t\t\t<\/div>\n\t\t\t\t<\/div>\n\t\t\t\t<\/div>\n\t\t<div class=\"elementor-element elementor-element-601db15 e-con-full e-flex e-con e-child\" data-id=\"601db15\" data-element_type=\"container\" data-e-type=\"container\">\n\t\t\t\t<div class=\"elementor-element elementor-element-bc6ed22 elementor-widget__width-initial elementor-widget elementor-widget-image\" data-id=\"bc6ed22\" data-element_type=\"widget\" data-e-type=\"widget\" data-widget_type=\"image.default\">\n\t\t\t\t<div class=\"elementor-widget-container\">\n\t\t\t\t\t\t\t\t\t\t\t\t\t\t\t<img decoding=\"async\" width=\"2560\" height=\"1920\" src=\"https:\/\/janina-sachse.de\/wp-content\/uploads\/2025\/09\/20230802_152220-scaled.jpg\" class=\"attachment-full size-full wp-image-1679\" alt=\"\" srcset=\"https:\/\/janina-sachse.de\/wp-content\/uploads\/2025\/09\/20230802_152220-scaled.jpg 2560w, https:\/\/janina-sachse.de\/wp-content\/uploads\/2025\/09\/20230802_152220-300x225.jpg 300w, https:\/\/janina-sachse.de\/wp-content\/uploads\/2025\/09\/20230802_152220-1024x768.jpg 1024w, https:\/\/janina-sachse.de\/wp-content\/uploads\/2025\/09\/20230802_152220-768x576.jpg 768w, https:\/\/janina-sachse.de\/wp-content\/uploads\/2025\/09\/20230802_152220-1536x1152.jpg 1536w, https:\/\/janina-sachse.de\/wp-content\/uploads\/2025\/09\/20230802_152220-2048x1536.jpg 2048w\" sizes=\"(max-width: 2560px) 100vw, 2560px\" \/>\t\t\t\t\t\t\t\t\t\t\t\t\t\t\t<\/div>\n\t\t\t\t<\/div>\n\t\t\t\t<\/div>\n\t\t\t\t\t<\/div>\n\t\t\t\t<\/div>\n\t\t\t\t<section class=\"elementor-section elementor-top-section elementor-element elementor-element-ym66aym elementor-section-boxed elementor-section-height-default elementor-section-height-default\" data-id=\"ym66aym\" data-element_type=\"section\" data-e-type=\"section\" data-settings=\"{&quot;background_background&quot;:&quot;classic&quot;}\">\n\t\t\t\t\t\t\t<div class=\"elementor-background-overlay\"><\/div>\n\t\t\t\t\t\t\t<div class=\"elementor-container elementor-column-gap-no\">\n\t\t\t\t\t<div class=\"elementor-column elementor-col-50 elementor-top-column elementor-element elementor-element-5626029\" data-id=\"5626029\" data-element_type=\"column\" data-e-type=\"column\">\n\t\t\t<div class=\"elementor-widget-wrap elementor-element-populated\">\n\t\t\t\t\t\t<div class=\"elementor-element elementor-element-62532af elementor-widget elementor-widget-heading\" data-id=\"62532af\" data-element_type=\"widget\" data-e-type=\"widget\" data-widget_type=\"heading.default\">\n\t\t\t\t<div class=\"elementor-widget-container\">\n\t\t\t\t\t<h2 class=\"elementor-heading-title elementor-size-default\">Alles unter <em>dach<\/em> und <em>fach<\/em>...<\/h2>\t\t\t\t<\/div>\n\t\t\t\t<\/div>\n\t\t\t\t\t<\/div>\n\t\t<\/div>\n\t\t\t\t<div class=\"elementor-column elementor-col-50 elementor-top-column elementor-element elementor-element-4b1c5ef\" data-id=\"4b1c5ef\" data-element_type=\"column\" data-e-type=\"column\">\n\t\t\t<div class=\"elementor-widget-wrap elementor-element-populated\">\n\t\t\t\t\t\t<div class=\"elementor-element elementor-element-d837b3e elementor-widget elementor-widget-heading\" data-id=\"d837b3e\" data-element_type=\"widget\" data-e-type=\"widget\" data-widget_type=\"heading.default\">\n\t\t\t\t<div class=\"elementor-widget-container\">\n\t\t\t\t\t<h4 class=\"elementor-heading-title elementor-size-default\">...aus der Serie \"Polnisch ist gar nicht so schwer\"<\/h4>\t\t\t\t<\/div>\n\t\t\t\t<\/div>\n\t\t\t\t<div class=\"elementor-element elementor-element-f95782d elementor-widget elementor-widget-text-editor\" data-id=\"f95782d\" data-element_type=\"widget\" data-e-type=\"widget\" data-widget_type=\"text-editor.default\">\n\t\t\t\t<div class=\"elementor-widget-container\">\n\t\t\t\t\t\t\t\t\t<p>Ein <em>dach<\/em> ist ein Dach! Ein Dachziegel ist \u00fcbrigens eine <em>dach\u00f3wka<\/em>. Auch das bekannte Sprichwort vom Spatz in der Hand vs. Taube auf dem Dach finden wir ganz w\u00f6rtlich wieder: <em>Lepszy wr\u00f3bel w gar\u015bci ni\u017c go\u0142\u0105b na dachu<\/em>.\u00a0<\/p><p>Ein <em>fach<\/em> ist allerdings kein Fach, zumindest keins, in das man etwas hineinlegen kann. Auch kein Schulfach. Ein polnisches <em>fach<\/em> ist ein Fachgebiet, ein Beruf, eine Spezialisierung. Daher ist der <em>fachowiec<\/em> auch ein Spezialist auf seinem Gebiet, oder eben ein <em>fachman<\/em>.\u00a0<\/p>\t\t\t\t\t\t\t\t<\/div>\n\t\t\t\t<\/div>\n\t\t\t\t\t<\/div>\n\t\t<\/div>\n\t\t\t\t\t<\/div>\n\t\t<\/section>\n\t\t<div class=\"elementor-element elementor-element-2fc34bc e-flex e-con-boxed e-con e-parent\" data-id=\"2fc34bc\" data-element_type=\"container\" data-e-type=\"container\">\n\t\t\t\t\t<div class=\"e-con-inner\">\n\t\t<div class=\"elementor-element elementor-element-bc9b5de e-con-full e-flex e-con e-child\" data-id=\"bc9b5de\" data-element_type=\"container\" data-e-type=\"container\">\n\t\t\t\t<div class=\"elementor-element elementor-element-302d0c3 elementor-widget__width-initial elementor-widget elementor-widget-image\" data-id=\"302d0c3\" data-element_type=\"widget\" data-e-type=\"widget\" data-widget_type=\"image.default\">\n\t\t\t\t<div class=\"elementor-widget-container\">\n\t\t\t\t\t\t\t\t\t\t\t\t\t\t\t<img loading=\"lazy\" decoding=\"async\" width=\"1920\" height=\"2560\" src=\"https:\/\/janina-sachse.de\/wp-content\/uploads\/2025\/10\/20250912_123630-scaled.jpg\" class=\"attachment-full size-full wp-image-1772\" alt=\"\" srcset=\"https:\/\/janina-sachse.de\/wp-content\/uploads\/2025\/10\/20250912_123630-scaled.jpg 1920w, https:\/\/janina-sachse.de\/wp-content\/uploads\/2025\/10\/20250912_123630-225x300.jpg 225w, https:\/\/janina-sachse.de\/wp-content\/uploads\/2025\/10\/20250912_123630-768x1024.jpg 768w, https:\/\/janina-sachse.de\/wp-content\/uploads\/2025\/10\/20250912_123630-1152x1536.jpg 1152w, https:\/\/janina-sachse.de\/wp-content\/uploads\/2025\/10\/20250912_123630-1536x2048.jpg 1536w, https:\/\/janina-sachse.de\/wp-content\/uploads\/2025\/10\/20250912_123630-9x12.jpg 9w\" sizes=\"(max-width: 1920px) 100vw, 1920px\" \/>\t\t\t\t\t\t\t\t\t\t\t\t\t\t\t<\/div>\n\t\t\t\t<\/div>\n\t\t\t\t<\/div>\n\t\t<div class=\"elementor-element elementor-element-22d358b e-con-full e-flex e-con e-child\" data-id=\"22d358b\" data-element_type=\"container\" data-e-type=\"container\">\n\t\t\t\t<div class=\"elementor-element elementor-element-0bdeb6b elementor-widget elementor-widget-heading\" data-id=\"0bdeb6b\" data-element_type=\"widget\" data-e-type=\"widget\" data-widget_type=\"heading.default\">\n\t\t\t\t<div class=\"elementor-widget-container\">\n\t\t\t\t\t<h2 class=\"elementor-heading-title elementor-size-default\">Polen ist \u00fcberall...<\/h2>\t\t\t\t<\/div>\n\t\t\t\t<\/div>\n\t\t\t\t<div class=\"elementor-element elementor-element-8867b8e elementor-widget elementor-widget-text-editor\" data-id=\"8867b8e\" data-element_type=\"widget\" data-e-type=\"widget\" data-widget_type=\"text-editor.default\">\n\t\t\t\t<div class=\"elementor-widget-container\">\n\t\t\t\t\t\t\t\t\t<p>&#8230;und eigentlich stammt die ganze Welt aus Polen. Zumindest gewinnt man manchmal diesen Eindruck, wenn betont wird, wer alles polnische Wurzeln hat. Die prominenteren Beispiele sind Marie Curie, Frederic Chopin und Rosa Luxemburg. Aber wussten Sie, dass auch der Keyboarder der Doors eigentlich Pole war?<\/p>\t\t\t\t\t\t\t\t<\/div>\n\t\t\t\t<\/div>\n\t\t\t\t<\/div>\n\t\t\t\t\t<\/div>\n\t\t\t\t<\/div>\n\t\t<div class=\"elementor-element elementor-element-5a89c39 e-flex e-con-boxed e-con e-parent\" data-id=\"5a89c39\" data-element_type=\"container\" data-e-type=\"container\">\n\t\t\t\t\t<div class=\"e-con-inner\">\n\t\t<div class=\"elementor-element elementor-element-0d117f7 e-con-full e-flex e-con e-child\" data-id=\"0d117f7\" data-element_type=\"container\" data-e-type=\"container\">\n\t\t\t\t<div class=\"elementor-element elementor-element-ff502c7 elementor-widget__width-initial elementor-widget elementor-widget-image\" data-id=\"ff502c7\" data-element_type=\"widget\" data-e-type=\"widget\" data-widget_type=\"image.default\">\n\t\t\t\t<div class=\"elementor-widget-container\">\n\t\t\t\t\t\t\t\t\t\t\t\t\t\t\t<img loading=\"lazy\" decoding=\"async\" width=\"1920\" height=\"2560\" src=\"https:\/\/janina-sachse.de\/wp-content\/uploads\/2026\/04\/20260416_100541-scaled.jpg\" class=\"attachment-full size-full wp-image-1837\" alt=\"\" srcset=\"https:\/\/janina-sachse.de\/wp-content\/uploads\/2026\/04\/20260416_100541-scaled.jpg 1920w, https:\/\/janina-sachse.de\/wp-content\/uploads\/2026\/04\/20260416_100541-225x300.jpg 225w, https:\/\/janina-sachse.de\/wp-content\/uploads\/2026\/04\/20260416_100541-768x1024.jpg 768w, https:\/\/janina-sachse.de\/wp-content\/uploads\/2026\/04\/20260416_100541-1152x1536.jpg 1152w, https:\/\/janina-sachse.de\/wp-content\/uploads\/2026\/04\/20260416_100541-1536x2048.jpg 1536w, https:\/\/janina-sachse.de\/wp-content\/uploads\/2026\/04\/20260416_100541-9x12.jpg 9w\" sizes=\"(max-width: 1920px) 100vw, 1920px\" \/>\t\t\t\t\t\t\t\t\t\t\t\t\t\t\t<\/div>\n\t\t\t\t<\/div>\n\t\t\t\t<\/div>\n\t\t<div class=\"elementor-element elementor-element-973446b e-con-full e-flex e-con e-child\" data-id=\"973446b\" data-element_type=\"container\" data-e-type=\"container\">\n\t\t\t\t<div class=\"elementor-element elementor-element-8d2c59f elementor-widget elementor-widget-heading\" data-id=\"8d2c59f\" data-element_type=\"widget\" data-e-type=\"widget\" data-widget_type=\"heading.default\">\n\t\t\t\t<div class=\"elementor-widget-container\">\n\t\t\t\t\t<h2 class=\"elementor-heading-title elementor-size-default\">Ganz sch\u00f6n auf Draht...<\/h2>\t\t\t\t<\/div>\n\t\t\t\t<\/div>\n\t\t\t\t<div class=\"elementor-element elementor-element-bd450a7 elementor-widget elementor-widget-text-editor\" data-id=\"bd450a7\" data-element_type=\"widget\" data-e-type=\"widget\" data-widget_type=\"text-editor.default\">\n\t\t\t\t<div class=\"elementor-widget-container\">\n\t\t\t\t\t\t\t\t\t<p>Schicke Handschuhe, nicht wahr? Tja, die hab ich auf Dr\u00e4hten gemacht&#8230;<\/p><p>Es gibt zwar f\u00fcr das Stricken auch andere Begriffe (als Substantiv: <em>dziewiarstwo, als Verb: u.a. dzierga\u0107 <\/em>oder sogar <em>sztrykowa\u0107).\u00a0<\/em>In der Alltagssprache ist es jedoch g\u00e4ngig, einfach <em>robi\u0107 na drutach <\/em>zu verwenden. W\u00f6rtlich also: <em>auf Dr\u00e4hten machen.\u00a0<\/em>Das geht sowohl unter Angabe des Akkusativ-Objektes: &#8222;<em>Babcia zrobi\u0142a mi sweter na drutach<\/em>.&#8220; (&#8222;Meine Oma hat mir einen Pullover gestrickt&#8220;) als auch alleinstehend: &#8222;<em>Lubi\u0119 wieczorami robi\u0107 na drutach<\/em>.&#8220; (&#8222;Abends stricke ich gerne&#8220;.<\/p><p>Der dazu verwendete <em>drut<\/em> (<em>dziewiarski<\/em>) ist unschwer als das deutsche Wort <em>Draht<\/em> zu erkennen. In Deutschland strickt man also auf Nadeln, in Polen auf Dr\u00e4hten&#8230;!<\/p><p>Wobei die Dr\u00e4hte regional oder historisch wiederum auch andere Bezeichnungen haben k\u00f6nnen: <em>iglice, dr\u0119ty, pr\u0105tki, &#8230;<\/em><\/p><p>\u00a0<\/p>\t\t\t\t\t\t\t\t<\/div>\n\t\t\t\t<\/div>\n\t\t\t\t<\/div>\n\t\t\t\t\t<\/div>\n\t\t\t\t<\/div>\n\t\t<div class=\"elementor-element elementor-element-0dbf7e5 e-flex e-con-boxed e-con e-parent\" data-id=\"0dbf7e5\" data-element_type=\"container\" data-e-type=\"container\">\n\t\t\t\t\t<div class=\"e-con-inner\">\n\t\t<div class=\"elementor-element elementor-element-ccdde62 e-con-full e-flex e-con e-child\" data-id=\"ccdde62\" data-element_type=\"container\" data-e-type=\"container\">\n\t\t\t\t<div class=\"elementor-element elementor-element-33081de elementor-widget elementor-widget-heading\" data-id=\"33081de\" data-element_type=\"widget\" data-e-type=\"widget\" data-widget_type=\"heading.default\">\n\t\t\t\t<div class=\"elementor-widget-container\">\n\t\t\t\t\t<h2 class=\"elementor-heading-title elementor-size-default\">Die Sirene im Bahnhof...<\/h2>\t\t\t\t<\/div>\n\t\t\t\t<\/div>\n\t\t\t\t<div class=\"elementor-element elementor-element-ab240aa elementor-widget elementor-widget-text-editor\" data-id=\"ab240aa\" data-element_type=\"widget\" data-e-type=\"widget\" data-widget_type=\"text-editor.default\">\n\t\t\t\t<div class=\"elementor-widget-container\">\n\t\t\t\t\t\t\t\t\t<p>&#8230;ist eine Syrenka, also eine Meerjungfrau. Bei dem abgebildeten Zeichen handelt es sich um das Stadtwappen von Warschau, und das ist tats\u00e4chlich im Berliner U-Bahnhof Warschauer Stra\u00dfe versteckt.<\/p>\t\t\t\t\t\t\t\t<\/div>\n\t\t\t\t<\/div>\n\t\t\t\t<\/div>\n\t\t<div class=\"elementor-element elementor-element-3df323d e-con-full e-flex e-con e-child\" data-id=\"3df323d\" data-element_type=\"container\" data-e-type=\"container\">\n\t\t\t\t<div class=\"elementor-element elementor-element-4ee2c81 elementor-widget elementor-widget-image\" data-id=\"4ee2c81\" data-element_type=\"widget\" data-e-type=\"widget\" data-widget_type=\"image.default\">\n\t\t\t\t<div class=\"elementor-widget-container\">\n\t\t\t\t\t\t\t\t\t\t\t\t\t\t\t<img loading=\"lazy\" decoding=\"async\" width=\"1920\" height=\"2560\" src=\"https:\/\/janina-sachse.de\/wp-content\/uploads\/2025\/10\/20240910_092003-scaled.jpg\" class=\"attachment-full size-full wp-image-1773\" alt=\"\" srcset=\"https:\/\/janina-sachse.de\/wp-content\/uploads\/2025\/10\/20240910_092003-scaled.jpg 1920w, https:\/\/janina-sachse.de\/wp-content\/uploads\/2025\/10\/20240910_092003-225x300.jpg 225w, https:\/\/janina-sachse.de\/wp-content\/uploads\/2025\/10\/20240910_092003-768x1024.jpg 768w, https:\/\/janina-sachse.de\/wp-content\/uploads\/2025\/10\/20240910_092003-1152x1536.jpg 1152w, https:\/\/janina-sachse.de\/wp-content\/uploads\/2025\/10\/20240910_092003-1536x2048.jpg 1536w, https:\/\/janina-sachse.de\/wp-content\/uploads\/2025\/10\/20240910_092003-9x12.jpg 9w\" sizes=\"(max-width: 1920px) 100vw, 1920px\" \/>\t\t\t\t\t\t\t\t\t\t\t\t\t\t\t<\/div>\n\t\t\t\t<\/div>\n\t\t\t\t<\/div>\n\t\t\t\t\t<\/div>\n\t\t\t\t<\/div>\n\t\t\t\t<\/div>","protected":false},"excerpt":{"rendered":"<p>POLtalk Smalltalk \u00fcber Polen und die polnische Sprache Dit is Berlin. So steht es auf dieser Neuk\u00f6llner Br\u00fccke geschrieben. Polnische [&hellip;]<\/p>","protected":false},"author":1,"featured_media":0,"parent":0,"menu_order":0,"comment_status":"closed","ping_status":"closed","template":"","meta":{"site-sidebar-layout":"no-sidebar","site-content-layout":"","ast-site-content-layout":"full-width-container","site-content-style":"default","site-sidebar-style":"default","ast-global-header-display":"","ast-banner-title-visibility":"","ast-main-header-display":"","ast-hfb-above-header-display":"","ast-hfb-below-header-display":"","ast-hfb-mobile-header-display":"","site-post-title":"disabled","ast-breadcrumbs-content":"","ast-featured-img":"disabled","footer-sml-layout":"","theme-transparent-header-meta":"","adv-header-id-meta":"","stick-header-meta":"","header-above-stick-meta":"","header-main-stick-meta":"","header-below-stick-meta":"","astra-migrate-meta-layouts":"default","ast-page-background-enabled":"default","ast-page-background-meta":{"desktop":{"background-color":"var(--ast-global-color-4)","background-image":"","background-repeat":"repeat","background-position":"center center","background-size":"auto","background-attachment":"scroll","background-type":"","background-media":"","overlay-type":"","overlay-color":"","overlay-opacity":"","overlay-gradient":""},"tablet":{"background-color":"","background-image":"","background-repeat":"repeat","background-position":"center center","background-size":"auto","background-attachment":"scroll","background-type":"","background-media":"","overlay-type":"","overlay-color":"","overlay-opacity":"","overlay-gradient":""},"mobile":{"background-color":"","background-image":"","background-repeat":"repeat","background-position":"center center","background-size":"auto","background-attachment":"scroll","background-type":"","background-media":"","overlay-type":"","overlay-color":"","overlay-opacity":"","overlay-gradient":""}},"ast-content-background-meta":{"desktop":{"background-color":"var(--ast-global-color-5)","background-image":"","background-repeat":"repeat","background-position":"center center","background-size":"auto","background-attachment":"scroll","background-type":"","background-media":"","overlay-type":"","overlay-color":"","overlay-opacity":"","overlay-gradient":""},"tablet":{"background-color":"var(--ast-global-color-5)","background-image":"","background-repeat":"repeat","background-position":"center center","background-size":"auto","background-attachment":"scroll","background-type":"","background-media":"","overlay-type":"","overlay-color":"","overlay-opacity":"","overlay-gradient":""},"mobile":{"background-color":"var(--ast-global-color-5)","background-image":"","background-repeat":"repeat","background-position":"center center","background-size":"auto","background-attachment":"scroll","background-type":"","background-media":"","overlay-type":"","overlay-color":"","overlay-opacity":"","overlay-gradient":""}},"footnotes":""},"class_list":["post-25","page","type-page","status-publish","hentry"],"yoast_head":"<!-- This site is optimized with the Yoast SEO plugin v27.5 - https:\/\/yoast.com\/product\/yoast-seo-wordpress\/ -->\n<title>Aktuelles - Konferenzdolmetscherin Janina Sachse<\/title>\n<meta name=\"robots\" content=\"index, follow, max-snippet:-1, max-image-preview:large, max-video-preview:-1\" \/>\n<link rel=\"canonical\" href=\"https:\/\/janina-sachse.de\/pl\/blog\/\" \/>\n<meta property=\"og:locale\" content=\"pl_PL\" \/>\n<meta property=\"og:type\" content=\"article\" \/>\n<meta property=\"og:title\" content=\"Aktuelles - Konferenzdolmetscherin Janina Sachse\" \/>\n<meta property=\"og:description\" content=\"POLtalk Smalltalk \u00fcber Polen und die polnische Sprache Dit is Berlin. So steht es auf dieser Neuk\u00f6llner Br\u00fccke geschrieben. Polnische [&hellip;]\" \/>\n<meta property=\"og:url\" content=\"https:\/\/janina-sachse.de\/pl\/blog\/\" \/>\n<meta property=\"og:site_name\" content=\"Konferenzdolmetscherin Janina Sachse\" \/>\n<meta property=\"article:modified_time\" content=\"2026-04-23T13:58:44+00:00\" \/>\n<meta property=\"og:image\" content=\"https:\/\/janina-sachse.de\/wp-content\/uploads\/2026\/02\/MarlenePfau-2807-scaled.jpg\" \/>\n\t<meta property=\"og:image:width\" content=\"2560\" \/>\n\t<meta property=\"og:image:height\" content=\"1707\" \/>\n\t<meta property=\"og:image:type\" content=\"image\/jpeg\" \/>\n<meta name=\"twitter:card\" content=\"summary_large_image\" \/>\n<meta name=\"twitter:label1\" content=\"Szacowany czas czytania\" \/>\n\t<meta name=\"twitter:data1\" content=\"5 minut\" \/>\n<script type=\"application\/ld+json\" class=\"yoast-schema-graph\">{\"@context\":\"https:\\\/\\\/schema.org\",\"@graph\":[{\"@type\":\"WebPage\",\"@id\":\"https:\\\/\\\/janina-sachse.de\\\/blog\\\/\",\"url\":\"https:\\\/\\\/janina-sachse.de\\\/blog\\\/\",\"name\":\"Aktuelles - Konferenzdolmetscherin Janina Sachse\",\"isPartOf\":{\"@id\":\"https:\\\/\\\/janina-sachse.de\\\/#website\"},\"primaryImageOfPage\":{\"@id\":\"https:\\\/\\\/janina-sachse.de\\\/blog\\\/#primaryimage\"},\"image\":{\"@id\":\"https:\\\/\\\/janina-sachse.de\\\/blog\\\/#primaryimage\"},\"thumbnailUrl\":\"https:\\\/\\\/janina-sachse.de\\\/wp-content\\\/uploads\\\/2026\\\/02\\\/MarlenePfau-2807-scaled.jpg\",\"datePublished\":\"2025-07-08T16:02:47+00:00\",\"dateModified\":\"2026-04-23T13:58:44+00:00\",\"breadcrumb\":{\"@id\":\"https:\\\/\\\/janina-sachse.de\\\/blog\\\/#breadcrumb\"},\"inLanguage\":\"pl-PL\",\"potentialAction\":[{\"@type\":\"ReadAction\",\"target\":[\"https:\\\/\\\/janina-sachse.de\\\/blog\\\/\"]}]},{\"@type\":\"ImageObject\",\"inLanguage\":\"pl-PL\",\"@id\":\"https:\\\/\\\/janina-sachse.de\\\/blog\\\/#primaryimage\",\"url\":\"https:\\\/\\\/janina-sachse.de\\\/wp-content\\\/uploads\\\/2026\\\/02\\\/MarlenePfau-2807-scaled.jpg\",\"contentUrl\":\"https:\\\/\\\/janina-sachse.de\\\/wp-content\\\/uploads\\\/2026\\\/02\\\/MarlenePfau-2807-scaled.jpg\"},{\"@type\":\"BreadcrumbList\",\"@id\":\"https:\\\/\\\/janina-sachse.de\\\/blog\\\/#breadcrumb\",\"itemListElement\":[{\"@type\":\"ListItem\",\"position\":1,\"name\":\"Startseite\",\"item\":\"https:\\\/\\\/janina-sachse.de\\\/\"},{\"@type\":\"ListItem\",\"position\":2,\"name\":\"Aktuelles\"}]},{\"@type\":\"WebSite\",\"@id\":\"https:\\\/\\\/janina-sachse.de\\\/#website\",\"url\":\"https:\\\/\\\/janina-sachse.de\\\/\",\"name\":\"Konferenzdolmetscherin Janina Sachse\",\"description\":\"dolmetschen polnisch berlin englisch konferenzdolmetschen\",\"publisher\":{\"@id\":\"https:\\\/\\\/janina-sachse.de\\\/#organization\"},\"potentialAction\":[{\"@type\":\"SearchAction\",\"target\":{\"@type\":\"EntryPoint\",\"urlTemplate\":\"https:\\\/\\\/janina-sachse.de\\\/?s={search_term_string}\"},\"query-input\":{\"@type\":\"PropertyValueSpecification\",\"valueRequired\":true,\"valueName\":\"search_term_string\"}}],\"inLanguage\":\"pl-PL\"},{\"@type\":\"Organization\",\"@id\":\"https:\\\/\\\/janina-sachse.de\\\/#organization\",\"name\":\"Konferenzdolmetscherin Janina Sachse\",\"url\":\"https:\\\/\\\/janina-sachse.de\\\/\",\"logo\":{\"@type\":\"ImageObject\",\"inLanguage\":\"pl-PL\",\"@id\":\"https:\\\/\\\/janina-sachse.de\\\/#\\\/schema\\\/logo\\\/image\\\/\",\"url\":\"https:\\\/\\\/janina-sachse.de\\\/wp-content\\\/uploads\\\/2025\\\/07\\\/header_js_deutsch.png\",\"contentUrl\":\"https:\\\/\\\/janina-sachse.de\\\/wp-content\\\/uploads\\\/2025\\\/07\\\/header_js_deutsch.png\",\"width\":800,\"height\":200,\"caption\":\"Konferenzdolmetscherin Janina Sachse\"},\"image\":{\"@id\":\"https:\\\/\\\/janina-sachse.de\\\/#\\\/schema\\\/logo\\\/image\\\/\"}}]}<\/script>\n<!-- \/ Yoast SEO plugin. -->","yoast_head_json":{"title":"Aktuelles - Konferenzdolmetscherin Janina Sachse","robots":{"index":"index","follow":"follow","max-snippet":"max-snippet:-1","max-image-preview":"max-image-preview:large","max-video-preview":"max-video-preview:-1"},"canonical":"https:\/\/janina-sachse.de\/pl\/blog\/","og_locale":"pl_PL","og_type":"article","og_title":"Aktuelles - Konferenzdolmetscherin Janina Sachse","og_description":"POLtalk Smalltalk \u00fcber Polen und die polnische Sprache Dit is Berlin. So steht es auf dieser Neuk\u00f6llner Br\u00fccke geschrieben. Polnische [&hellip;]","og_url":"https:\/\/janina-sachse.de\/pl\/blog\/","og_site_name":"Konferenzdolmetscherin Janina Sachse","article_modified_time":"2026-04-23T13:58:44+00:00","og_image":[{"width":2560,"height":1707,"url":"https:\/\/janina-sachse.de\/wp-content\/uploads\/2026\/02\/MarlenePfau-2807-scaled.jpg","type":"image\/jpeg"}],"twitter_card":"summary_large_image","twitter_misc":{"Szacowany czas czytania":"5 minut"},"schema":{"@context":"https:\/\/schema.org","@graph":[{"@type":"WebPage","@id":"https:\/\/janina-sachse.de\/blog\/","url":"https:\/\/janina-sachse.de\/blog\/","name":"Aktuelles - Konferenzdolmetscherin Janina Sachse","isPartOf":{"@id":"https:\/\/janina-sachse.de\/#website"},"primaryImageOfPage":{"@id":"https:\/\/janina-sachse.de\/blog\/#primaryimage"},"image":{"@id":"https:\/\/janina-sachse.de\/blog\/#primaryimage"},"thumbnailUrl":"https:\/\/janina-sachse.de\/wp-content\/uploads\/2026\/02\/MarlenePfau-2807-scaled.jpg","datePublished":"2025-07-08T16:02:47+00:00","dateModified":"2026-04-23T13:58:44+00:00","breadcrumb":{"@id":"https:\/\/janina-sachse.de\/blog\/#breadcrumb"},"inLanguage":"pl-PL","potentialAction":[{"@type":"ReadAction","target":["https:\/\/janina-sachse.de\/blog\/"]}]},{"@type":"ImageObject","inLanguage":"pl-PL","@id":"https:\/\/janina-sachse.de\/blog\/#primaryimage","url":"https:\/\/janina-sachse.de\/wp-content\/uploads\/2026\/02\/MarlenePfau-2807-scaled.jpg","contentUrl":"https:\/\/janina-sachse.de\/wp-content\/uploads\/2026\/02\/MarlenePfau-2807-scaled.jpg"},{"@type":"BreadcrumbList","@id":"https:\/\/janina-sachse.de\/blog\/#breadcrumb","itemListElement":[{"@type":"ListItem","position":1,"name":"Startseite","item":"https:\/\/janina-sachse.de\/"},{"@type":"ListItem","position":2,"name":"Aktuelles"}]},{"@type":"WebSite","@id":"https:\/\/janina-sachse.de\/#website","url":"https:\/\/janina-sachse.de\/","name":"Konferenzdolmetscherin Janina Sachse","description":"dolmetschen polnisch berlin englisch konferenzdolmetschen","publisher":{"@id":"https:\/\/janina-sachse.de\/#organization"},"potentialAction":[{"@type":"SearchAction","target":{"@type":"EntryPoint","urlTemplate":"https:\/\/janina-sachse.de\/?s={search_term_string}"},"query-input":{"@type":"PropertyValueSpecification","valueRequired":true,"valueName":"search_term_string"}}],"inLanguage":"pl-PL"},{"@type":"Organization","@id":"https:\/\/janina-sachse.de\/#organization","name":"Konferenzdolmetscherin Janina Sachse","url":"https:\/\/janina-sachse.de\/","logo":{"@type":"ImageObject","inLanguage":"pl-PL","@id":"https:\/\/janina-sachse.de\/#\/schema\/logo\/image\/","url":"https:\/\/janina-sachse.de\/wp-content\/uploads\/2025\/07\/header_js_deutsch.png","contentUrl":"https:\/\/janina-sachse.de\/wp-content\/uploads\/2025\/07\/header_js_deutsch.png","width":800,"height":200,"caption":"Konferenzdolmetscherin Janina Sachse"},"image":{"@id":"https:\/\/janina-sachse.de\/#\/schema\/logo\/image\/"}}]}},"_links":{"self":[{"href":"https:\/\/janina-sachse.de\/pl\/wp-json\/wp\/v2\/pages\/25","targetHints":{"allow":["GET"]}}],"collection":[{"href":"https:\/\/janina-sachse.de\/pl\/wp-json\/wp\/v2\/pages"}],"about":[{"href":"https:\/\/janina-sachse.de\/pl\/wp-json\/wp\/v2\/types\/page"}],"author":[{"embeddable":true,"href":"https:\/\/janina-sachse.de\/pl\/wp-json\/wp\/v2\/users\/1"}],"replies":[{"embeddable":true,"href":"https:\/\/janina-sachse.de\/pl\/wp-json\/wp\/v2\/comments?post=25"}],"version-history":[{"count":116,"href":"https:\/\/janina-sachse.de\/pl\/wp-json\/wp\/v2\/pages\/25\/revisions"}],"predecessor-version":[{"id":1844,"href":"https:\/\/janina-sachse.de\/pl\/wp-json\/wp\/v2\/pages\/25\/revisions\/1844"}],"wp:attachment":[{"href":"https:\/\/janina-sachse.de\/pl\/wp-json\/wp\/v2\/media?parent=25"}],"curies":[{"name":"wp","href":"https:\/\/api.w.org\/{rel}","templated":true}]}}