{"id":434,"date":"2025-07-08T16:02:51","date_gmt":"2025-07-08T16:02:51","guid":{"rendered":"http:\/\/staging.janina-sachse.de\/appointment\/"},"modified":"2026-02-18T12:03:49","modified_gmt":"2026-02-18T12:03:49","slug":"appointment","status":"publish","type":"page","link":"https:\/\/janina-sachse.de\/pl\/appointment\/","title":{"rendered":"\u00dcber mich"},"content":{"rendered":"<div data-elementor-type=\"wp-page\" data-elementor-id=\"434\" class=\"elementor elementor-434\">\n\t\t\t\t<div class=\"elementor-element elementor-element-8d8bdf2 e-flex e-con-boxed e-con e-parent\" data-id=\"8d8bdf2\" data-element_type=\"container\" data-e-type=\"container\" data-settings=\"{&quot;background_background&quot;:&quot;classic&quot;}\">\n\t\t\t\t\t<div class=\"e-con-inner\">\n\t\t<div class=\"elementor-element elementor-element-0ace767 e-con-full e-flex e-con e-child\" data-id=\"0ace767\" data-element_type=\"container\" data-e-type=\"container\">\n\t\t\t\t<div class=\"elementor-element elementor-element-b0fed46 elementor-widget__width-initial elementor-widget elementor-widget-heading\" data-id=\"b0fed46\" data-element_type=\"widget\" data-e-type=\"widget\" data-widget_type=\"heading.default\">\n\t\t\t\t<div class=\"elementor-widget-container\">\n\t\t\t\t\t<h6 class=\"elementor-heading-title elementor-size-default\">mehr<\/h6>\t\t\t\t<\/div>\n\t\t\t\t<\/div>\n\t\t\t\t<div class=\"elementor-element elementor-element-8fc6526 elementor-widget elementor-widget-heading\" data-id=\"8fc6526\" data-element_type=\"widget\" data-e-type=\"widget\" data-widget_type=\"heading.default\">\n\t\t\t\t<div class=\"elementor-widget-container\">\n\t\t\t\t\t<h1 class=\"elementor-heading-title elementor-size-default\">informacje<\/h1>\t\t\t\t<\/div>\n\t\t\t\t<\/div>\n\t\t\t\t<\/div>\n\t\t<div class=\"elementor-element elementor-element-f014f61 e-con-full e-flex e-con e-child\" data-id=\"f014f61\" data-element_type=\"container\" data-e-type=\"container\">\n\t\t\t\t<div class=\"elementor-element elementor-element-3d6bf6e elementor-widget elementor-widget-heading\" data-id=\"3d6bf6e\" data-element_type=\"widget\" data-e-type=\"widget\" data-widget_type=\"heading.default\">\n\t\t\t\t<div class=\"elementor-widget-container\">\n\t\t\t\t\t<h2 class=\"elementor-heading-title elementor-size-default\">about me<\/h2>\t\t\t\t<\/div>\n\t\t\t\t<\/div>\n\t\t\t\t<\/div>\n\t\t\t\t\t<\/div>\n\t\t\t\t<\/div>\n\t\t\t\t<section class=\"elementor-section elementor-top-section elementor-element elementor-element-dpem1dn elementor-section-content-middle elementor-section-boxed elementor-section-height-default elementor-section-height-default\" data-id=\"dpem1dn\" data-element_type=\"section\" data-e-type=\"section\" data-settings=\"{&quot;background_background&quot;:&quot;classic&quot;}\">\n\t\t\t\t\t\t\t<div class=\"elementor-background-overlay\"><\/div>\n\t\t\t\t\t\t\t<div class=\"elementor-container elementor-column-gap-wide\">\n\t\t\t\t\t<div class=\"elementor-column elementor-col-33 elementor-top-column elementor-element elementor-element-b262852\" data-id=\"b262852\" data-element_type=\"column\" data-e-type=\"column\">\n\t\t\t<div class=\"elementor-widget-wrap elementor-element-populated\">\n\t\t\t\t\t\t<div class=\"elementor-element elementor-element-7dff79f elementor-widget elementor-widget-heading\" data-id=\"7dff79f\" data-element_type=\"widget\" data-e-type=\"widget\" data-widget_type=\"heading.default\">\n\t\t\t\t<div class=\"elementor-widget-container\">\n\t\t\t\t\t<h3 class=\"elementor-heading-title elementor-size-default\">\u00dcber mich<\/h3>\t\t\t\t<\/div>\n\t\t\t\t<\/div>\n\t\t\t\t<div class=\"elementor-element elementor-element-13630cb elementor-widget elementor-widget-text-editor\" data-id=\"13630cb\" data-element_type=\"widget\" data-e-type=\"widget\" data-widget_type=\"text-editor.default\">\n\t\t\t\t<div class=\"elementor-widget-container\">\n\t\t\t\t\t\t\t\t\t<p>Seit \u00fcber 20 Jahren als Dolmetscherin zwischen Deutsch und Polnisch unterwegs. Und das ganz ohne polnische Wurzeln.<\/p><p>Angefangen als Sprachmittlerin im Jugendaustausch, inzwischen auf h\u00f6chstem Niveau, sei es in Politik, Wirtschaft, Kultur oder Wissenschaft.<\/p><p>Inspiriert durch einen Sch\u00fcleraustausch lernte ich schon als Jugendliche Polnisch und war von unserem Nachbarland fasziniert.<\/p><p>Dann folgten Freiwilligendienst in Polen, Hochschulstudium und kurz vor dem Vordiplom direkt der Praxiseinstieg ins Konferenzdolmetschen: als Freiwillige auf den Europ\u00e4ischen Sozialforen, und bald darauf stand ich das erste Mal auf der Berlinale vor einem vollen Saal&#8230;<\/p>\t\t\t\t\t\t\t\t<\/div>\n\t\t\t\t<\/div>\n\t\t\t\t<div class=\"elementor-element elementor-element-9e0e8fe elementor-widget elementor-widget-button\" data-id=\"9e0e8fe\" data-element_type=\"widget\" data-e-type=\"widget\" data-widget_type=\"button.default\">\n\t\t\t\t<div class=\"elementor-widget-container\">\n\t\t\t\t\t\t\t\t\t<div class=\"elementor-button-wrapper\">\n\t\t\t\t\t<a class=\"elementor-button elementor-button-link elementor-size-sm\" href=\"https:\/\/janina-sachse.de\/pl\/kontakt\/\">\n\t\t\t\t\t\t<span class=\"elementor-button-content-wrapper\">\n\t\t\t\t\t\t\t\t\t<span class=\"elementor-button-text\">KOntakt<\/span>\n\t\t\t\t\t<\/span>\n\t\t\t\t\t<\/a>\n\t\t\t\t<\/div>\n\t\t\t\t\t\t\t\t<\/div>\n\t\t\t\t<\/div>\n\t\t\t\t\t<\/div>\n\t\t<\/div>\n\t\t\t\t<div class=\"elementor-column elementor-col-33 elementor-top-column elementor-element elementor-element-51c3c3b\" data-id=\"51c3c3b\" data-element_type=\"column\" data-e-type=\"column\">\n\t\t\t<div class=\"elementor-widget-wrap elementor-element-populated\">\n\t\t\t\t\t\t<div class=\"elementor-element elementor-element-b8ec32e elementor-widget elementor-widget-image\" data-id=\"b8ec32e\" data-element_type=\"widget\" data-e-type=\"widget\" data-widget_type=\"image.default\">\n\t\t\t\t<div class=\"elementor-widget-container\">\n\t\t\t\t\t\t\t\t\t\t\t\t\t\t\t<img fetchpriority=\"high\" decoding=\"async\" width=\"683\" height=\"1024\" src=\"https:\/\/janina-sachse.de\/wp-content\/uploads\/2026\/02\/MarlenePfau-3026-683x1024.jpg\" class=\"attachment-large size-large wp-image-1816\" alt=\"\" srcset=\"https:\/\/janina-sachse.de\/wp-content\/uploads\/2026\/02\/MarlenePfau-3026-683x1024.jpg 683w, https:\/\/janina-sachse.de\/wp-content\/uploads\/2026\/02\/MarlenePfau-3026-200x300.jpg 200w, https:\/\/janina-sachse.de\/wp-content\/uploads\/2026\/02\/MarlenePfau-3026-768x1151.jpg 768w, https:\/\/janina-sachse.de\/wp-content\/uploads\/2026\/02\/MarlenePfau-3026-1024x1536.jpg 1024w, https:\/\/janina-sachse.de\/wp-content\/uploads\/2026\/02\/MarlenePfau-3026-1366x2048.jpg 1366w, https:\/\/janina-sachse.de\/wp-content\/uploads\/2026\/02\/MarlenePfau-3026-8x12.jpg 8w, https:\/\/janina-sachse.de\/wp-content\/uploads\/2026\/02\/MarlenePfau-3026-scaled.jpg 1707w\" sizes=\"(max-width: 683px) 100vw, 683px\" \/>\t\t\t\t\t\t\t\t\t\t\t\t\t\t\t<\/div>\n\t\t\t\t<\/div>\n\t\t\t\t<div class=\"elementor-element elementor-element-2b48664 elementor-widget elementor-widget-text-editor\" data-id=\"2b48664\" data-element_type=\"widget\" data-e-type=\"widget\" data-widget_type=\"text-editor.default\">\n\t\t\t\t<div class=\"elementor-widget-container\">\n\t\t\t\t\t\t\t\t\t<p><a href=\"https:\/\/bdue.de\/suche-uebersetzer-dolmetscher\/mitglied\/J-Sachse\"><img decoding=\"async\" class=\"alignnone size-full wp-image-1356\" src=\"http:\/\/staging.janina-sachse.de\/wp-content\/uploads\/2025\/09\/Mitgliedslogo_kurz_de.png\" alt=\"\" width=\"83\" height=\"80\" \/><\/a><a href=\"https:\/\/the-interpreters.de\/de\/ueber-uns\"><img decoding=\"async\" class=\"alignnone wp-image-1576\" src=\"http:\/\/staging.janina-sachse.de\/wp-content\/uploads\/2025\/09\/logo-petrol.svg\" alt=\"\" width=\"135\" height=\"191\" \/><\/a><a href=\"https:\/\/aiic.de\/dolmetscher\/profil\/u4627\/janina-sachse\/\"><img loading=\"lazy\" decoding=\"async\" class=\"alignnone wp-image-1361\" src=\"http:\/\/staging.janina-sachse.de\/wp-content\/uploads\/2025\/09\/aiic_memberof_100-300dpi-300x274.jpg\" alt=\"\" width=\"105\" height=\"95\" srcset=\"https:\/\/janina-sachse.de\/wp-content\/uploads\/2025\/09\/aiic_memberof_100-300dpi-300x274.jpg 300w, https:\/\/janina-sachse.de\/wp-content\/uploads\/2025\/09\/aiic_memberof_100-300dpi.jpg 458w\" sizes=\"(max-width: 105px) 100vw, 105px\" \/><\/a><\/p>\t\t\t\t\t\t\t\t<\/div>\n\t\t\t\t<\/div>\n\t\t\t\t\t<\/div>\n\t\t<\/div>\n\t\t\t\t<div class=\"elementor-column elementor-col-33 elementor-top-column elementor-element elementor-element-117cf56\" data-id=\"117cf56\" data-element_type=\"column\" data-e-type=\"column\">\n\t\t\t<div class=\"elementor-widget-wrap elementor-element-populated\">\n\t\t\t\t\t\t<div class=\"elementor-element elementor-element-80d81d8 elementor-widget elementor-widget-text-editor\" data-id=\"80d81d8\" data-element_type=\"widget\" data-e-type=\"widget\" data-widget_type=\"text-editor.default\">\n\t\t\t\t<div class=\"elementor-widget-container\">\n\t\t\t\t\t\t\t\t\t<p>\u00a0<\/p><ul><li>Mitglied in den Verb\u00e4nden <strong>AIIC<\/strong> und <strong>BD\u00dc<\/strong> sowie im Netzwerk <a href=\"https:\/\/the-interpreters.de\/de\/\"><strong>The Interpreters <img loading=\"lazy\" decoding=\"async\" class=\"wp-image-1576 alignnone\" src=\"http:\/\/staging.janina-sachse.de\/wp-content\/uploads\/2025\/09\/logo-petrol.svg\" alt=\"\" width=\"33\" height=\"47\" \/><\/strong><\/a><\/li><li>Akkreditierte freiberufliche Dolmetscherin bei der <strong>Europ\u00e4ischen Union<\/strong><\/li><li>F\u00fcr die Berliner Gerichte und Notare <strong>allgemein beeidigte<\/strong> Dolmetscherin und erm\u00e4chtigte \u00dcbersetzerin f\u00fcr Polnisch und Englisch<\/li><li>Diplom in <strong>Interkultureller Fachkommunikation<\/strong>,<br \/><strong>Humboldt-Universit\u00e4t<\/strong> zu Berlin,<br \/>Hauptf\u00e4cher Polnisch und Englisch,<br \/>Zusatzfach T\u00fcrkisch.<br \/>Abschlussarbeit: &#8222;<a href=\"https:\/\/www.frank-timme.de\/de\/programm\/produkt\/konferenzdolmetschen_fuer_soziale_bewegungen\">Konferenzdolmetschen f\u00fcr Soziale Bewegungen&#8220;<\/a><\/li><li>Studien\u2013 und Arbeitsaufenthalte in <strong>Polen<\/strong><br \/>und der <strong>T\u00fcrkei<\/strong><\/li><\/ul>\t\t\t\t\t\t\t\t<\/div>\n\t\t\t\t<\/div>\n\t\t\t\t\t<\/div>\n\t\t<\/div>\n\t\t\t\t\t<\/div>\n\t\t<\/section>\n\t\t\t\t<\/div>","protected":false},"excerpt":{"rendered":"<p>mehr informacje about me \u00dcber mich Seit \u00fcber 20 Jahren als Dolmetscherin zwischen Deutsch und Polnisch unterwegs. Und das ganz [&hellip;]<\/p>","protected":false},"author":1,"featured_media":0,"parent":0,"menu_order":0,"comment_status":"closed","ping_status":"closed","template":"","meta":{"site-sidebar-layout":"no-sidebar","site-content-layout":"","ast-site-content-layout":"full-width-container","site-content-style":"default","site-sidebar-style":"default","ast-global-header-display":"","ast-banner-title-visibility":"","ast-main-header-display":"","ast-hfb-above-header-display":"","ast-hfb-below-header-display":"","ast-hfb-mobile-header-display":"","site-post-title":"disabled","ast-breadcrumbs-content":"","ast-featured-img":"disabled","footer-sml-layout":"","theme-transparent-header-meta":"","adv-header-id-meta":"","stick-header-meta":"","header-above-stick-meta":"","header-main-stick-meta":"","header-below-stick-meta":"","astra-migrate-meta-layouts":"default","ast-page-background-enabled":"default","ast-page-background-meta":{"desktop":{"background-color":"var(--ast-global-color-4)","background-image":"","background-repeat":"repeat","background-position":"center center","background-size":"auto","background-attachment":"scroll","background-type":"","background-media":"","overlay-type":"","overlay-color":"","overlay-opacity":"","overlay-gradient":""},"tablet":{"background-color":"","background-image":"","background-repeat":"repeat","background-position":"center center","background-size":"auto","background-attachment":"scroll","background-type":"","background-media":"","overlay-type":"","overlay-color":"","overlay-opacity":"","overlay-gradient":""},"mobile":{"background-color":"","background-image":"","background-repeat":"repeat","background-position":"center center","background-size":"auto","background-attachment":"scroll","background-type":"","background-media":"","overlay-type":"","overlay-color":"","overlay-opacity":"","overlay-gradient":""}},"ast-content-background-meta":{"desktop":{"background-color":"var(--ast-global-color-5)","background-image":"","background-repeat":"repeat","background-position":"center center","background-size":"auto","background-attachment":"scroll","background-type":"","background-media":"","overlay-type":"","overlay-color":"","overlay-opacity":"","overlay-gradient":""},"tablet":{"background-color":"var(--ast-global-color-5)","background-image":"","background-repeat":"repeat","background-position":"center center","background-size":"auto","background-attachment":"scroll","background-type":"","background-media":"","overlay-type":"","overlay-color":"","overlay-opacity":"","overlay-gradient":""},"mobile":{"background-color":"var(--ast-global-color-5)","background-image":"","background-repeat":"repeat","background-position":"center center","background-size":"auto","background-attachment":"scroll","background-type":"","background-media":"","overlay-type":"","overlay-color":"","overlay-opacity":"","overlay-gradient":""}},"footnotes":""},"class_list":["post-434","page","type-page","status-publish","hentry"],"yoast_head":"<!-- This site is optimized with the Yoast SEO plugin v27.5 - https:\/\/yoast.com\/product\/yoast-seo-wordpress\/ -->\n<title>\u00dcber mich - Konferenzdolmetscherin Janina Sachse<\/title>\n<meta name=\"robots\" content=\"index, follow, max-snippet:-1, max-image-preview:large, max-video-preview:-1\" \/>\n<link rel=\"canonical\" href=\"https:\/\/janina-sachse.de\/pl\/appointment\/\" \/>\n<meta property=\"og:locale\" content=\"pl_PL\" \/>\n<meta property=\"og:type\" content=\"article\" \/>\n<meta property=\"og:title\" content=\"\u00dcber mich - Konferenzdolmetscherin Janina Sachse\" \/>\n<meta property=\"og:description\" content=\"mehr informacje about me \u00dcber mich Seit \u00fcber 20 Jahren als Dolmetscherin zwischen Deutsch und Polnisch unterwegs. Und das ganz [&hellip;]\" \/>\n<meta property=\"og:url\" content=\"https:\/\/janina-sachse.de\/pl\/appointment\/\" \/>\n<meta property=\"og:site_name\" content=\"Konferenzdolmetscherin Janina Sachse\" \/>\n<meta property=\"article:modified_time\" content=\"2026-02-18T12:03:49+00:00\" \/>\n<meta property=\"og:image\" content=\"https:\/\/janina-sachse.de\/wp-content\/uploads\/2026\/02\/MarlenePfau-3026-683x1024.jpg\" \/>\n<meta name=\"twitter:card\" content=\"summary_large_image\" \/>\n<meta name=\"twitter:label1\" content=\"Szacowany czas czytania\" \/>\n\t<meta name=\"twitter:data1\" content=\"2 minuty\" \/>\n<script type=\"application\/ld+json\" class=\"yoast-schema-graph\">{\"@context\":\"https:\\\/\\\/schema.org\",\"@graph\":[{\"@type\":\"WebPage\",\"@id\":\"https:\\\/\\\/janina-sachse.de\\\/appointment\\\/\",\"url\":\"https:\\\/\\\/janina-sachse.de\\\/appointment\\\/\",\"name\":\"\u00dcber mich - Konferenzdolmetscherin Janina Sachse\",\"isPartOf\":{\"@id\":\"https:\\\/\\\/janina-sachse.de\\\/#website\"},\"primaryImageOfPage\":{\"@id\":\"https:\\\/\\\/janina-sachse.de\\\/appointment\\\/#primaryimage\"},\"image\":{\"@id\":\"https:\\\/\\\/janina-sachse.de\\\/appointment\\\/#primaryimage\"},\"thumbnailUrl\":\"https:\\\/\\\/janina-sachse.de\\\/wp-content\\\/uploads\\\/2026\\\/02\\\/MarlenePfau-3026-683x1024.jpg\",\"datePublished\":\"2025-07-08T16:02:51+00:00\",\"dateModified\":\"2026-02-18T12:03:49+00:00\",\"breadcrumb\":{\"@id\":\"https:\\\/\\\/janina-sachse.de\\\/appointment\\\/#breadcrumb\"},\"inLanguage\":\"pl-PL\",\"potentialAction\":[{\"@type\":\"ReadAction\",\"target\":[\"https:\\\/\\\/janina-sachse.de\\\/appointment\\\/\"]}]},{\"@type\":\"ImageObject\",\"inLanguage\":\"pl-PL\",\"@id\":\"https:\\\/\\\/janina-sachse.de\\\/appointment\\\/#primaryimage\",\"url\":\"https:\\\/\\\/janina-sachse.de\\\/wp-content\\\/uploads\\\/2026\\\/02\\\/MarlenePfau-3026-683x1024.jpg\",\"contentUrl\":\"https:\\\/\\\/janina-sachse.de\\\/wp-content\\\/uploads\\\/2026\\\/02\\\/MarlenePfau-3026-683x1024.jpg\"},{\"@type\":\"BreadcrumbList\",\"@id\":\"https:\\\/\\\/janina-sachse.de\\\/appointment\\\/#breadcrumb\",\"itemListElement\":[{\"@type\":\"ListItem\",\"position\":1,\"name\":\"Startseite\",\"item\":\"https:\\\/\\\/janina-sachse.de\\\/\"},{\"@type\":\"ListItem\",\"position\":2,\"name\":\"\u00dcber mich\"}]},{\"@type\":\"WebSite\",\"@id\":\"https:\\\/\\\/janina-sachse.de\\\/#website\",\"url\":\"https:\\\/\\\/janina-sachse.de\\\/\",\"name\":\"Konferenzdolmetscherin Janina Sachse\",\"description\":\"dolmetschen polnisch berlin englisch konferenzdolmetschen\",\"publisher\":{\"@id\":\"https:\\\/\\\/janina-sachse.de\\\/#organization\"},\"potentialAction\":[{\"@type\":\"SearchAction\",\"target\":{\"@type\":\"EntryPoint\",\"urlTemplate\":\"https:\\\/\\\/janina-sachse.de\\\/?s={search_term_string}\"},\"query-input\":{\"@type\":\"PropertyValueSpecification\",\"valueRequired\":true,\"valueName\":\"search_term_string\"}}],\"inLanguage\":\"pl-PL\"},{\"@type\":\"Organization\",\"@id\":\"https:\\\/\\\/janina-sachse.de\\\/#organization\",\"name\":\"Konferenzdolmetscherin Janina Sachse\",\"url\":\"https:\\\/\\\/janina-sachse.de\\\/\",\"logo\":{\"@type\":\"ImageObject\",\"inLanguage\":\"pl-PL\",\"@id\":\"https:\\\/\\\/janina-sachse.de\\\/#\\\/schema\\\/logo\\\/image\\\/\",\"url\":\"https:\\\/\\\/janina-sachse.de\\\/wp-content\\\/uploads\\\/2025\\\/07\\\/header_js_deutsch.png\",\"contentUrl\":\"https:\\\/\\\/janina-sachse.de\\\/wp-content\\\/uploads\\\/2025\\\/07\\\/header_js_deutsch.png\",\"width\":800,\"height\":200,\"caption\":\"Konferenzdolmetscherin Janina Sachse\"},\"image\":{\"@id\":\"https:\\\/\\\/janina-sachse.de\\\/#\\\/schema\\\/logo\\\/image\\\/\"}}]}<\/script>\n<!-- \/ Yoast SEO plugin. -->","yoast_head_json":{"title":"\u00dcber mich - Konferenzdolmetscherin Janina Sachse","robots":{"index":"index","follow":"follow","max-snippet":"max-snippet:-1","max-image-preview":"max-image-preview:large","max-video-preview":"max-video-preview:-1"},"canonical":"https:\/\/janina-sachse.de\/pl\/appointment\/","og_locale":"pl_PL","og_type":"article","og_title":"\u00dcber mich - Konferenzdolmetscherin Janina Sachse","og_description":"mehr informacje about me \u00dcber mich Seit \u00fcber 20 Jahren als Dolmetscherin zwischen Deutsch und Polnisch unterwegs. Und das ganz [&hellip;]","og_url":"https:\/\/janina-sachse.de\/pl\/appointment\/","og_site_name":"Konferenzdolmetscherin Janina Sachse","article_modified_time":"2026-02-18T12:03:49+00:00","og_image":[{"url":"https:\/\/janina-sachse.de\/wp-content\/uploads\/2026\/02\/MarlenePfau-3026-683x1024.jpg","type":"","width":"","height":""}],"twitter_card":"summary_large_image","twitter_misc":{"Szacowany czas czytania":"2 minuty"},"schema":{"@context":"https:\/\/schema.org","@graph":[{"@type":"WebPage","@id":"https:\/\/janina-sachse.de\/appointment\/","url":"https:\/\/janina-sachse.de\/appointment\/","name":"\u00dcber mich - Konferenzdolmetscherin Janina Sachse","isPartOf":{"@id":"https:\/\/janina-sachse.de\/#website"},"primaryImageOfPage":{"@id":"https:\/\/janina-sachse.de\/appointment\/#primaryimage"},"image":{"@id":"https:\/\/janina-sachse.de\/appointment\/#primaryimage"},"thumbnailUrl":"https:\/\/janina-sachse.de\/wp-content\/uploads\/2026\/02\/MarlenePfau-3026-683x1024.jpg","datePublished":"2025-07-08T16:02:51+00:00","dateModified":"2026-02-18T12:03:49+00:00","breadcrumb":{"@id":"https:\/\/janina-sachse.de\/appointment\/#breadcrumb"},"inLanguage":"pl-PL","potentialAction":[{"@type":"ReadAction","target":["https:\/\/janina-sachse.de\/appointment\/"]}]},{"@type":"ImageObject","inLanguage":"pl-PL","@id":"https:\/\/janina-sachse.de\/appointment\/#primaryimage","url":"https:\/\/janina-sachse.de\/wp-content\/uploads\/2026\/02\/MarlenePfau-3026-683x1024.jpg","contentUrl":"https:\/\/janina-sachse.de\/wp-content\/uploads\/2026\/02\/MarlenePfau-3026-683x1024.jpg"},{"@type":"BreadcrumbList","@id":"https:\/\/janina-sachse.de\/appointment\/#breadcrumb","itemListElement":[{"@type":"ListItem","position":1,"name":"Startseite","item":"https:\/\/janina-sachse.de\/"},{"@type":"ListItem","position":2,"name":"\u00dcber mich"}]},{"@type":"WebSite","@id":"https:\/\/janina-sachse.de\/#website","url":"https:\/\/janina-sachse.de\/","name":"Konferenzdolmetscherin Janina Sachse","description":"dolmetschen polnisch berlin englisch konferenzdolmetschen","publisher":{"@id":"https:\/\/janina-sachse.de\/#organization"},"potentialAction":[{"@type":"SearchAction","target":{"@type":"EntryPoint","urlTemplate":"https:\/\/janina-sachse.de\/?s={search_term_string}"},"query-input":{"@type":"PropertyValueSpecification","valueRequired":true,"valueName":"search_term_string"}}],"inLanguage":"pl-PL"},{"@type":"Organization","@id":"https:\/\/janina-sachse.de\/#organization","name":"Konferenzdolmetscherin Janina Sachse","url":"https:\/\/janina-sachse.de\/","logo":{"@type":"ImageObject","inLanguage":"pl-PL","@id":"https:\/\/janina-sachse.de\/#\/schema\/logo\/image\/","url":"https:\/\/janina-sachse.de\/wp-content\/uploads\/2025\/07\/header_js_deutsch.png","contentUrl":"https:\/\/janina-sachse.de\/wp-content\/uploads\/2025\/07\/header_js_deutsch.png","width":800,"height":200,"caption":"Konferenzdolmetscherin Janina Sachse"},"image":{"@id":"https:\/\/janina-sachse.de\/#\/schema\/logo\/image\/"}}]}},"_links":{"self":[{"href":"https:\/\/janina-sachse.de\/pl\/wp-json\/wp\/v2\/pages\/434","targetHints":{"allow":["GET"]}}],"collection":[{"href":"https:\/\/janina-sachse.de\/pl\/wp-json\/wp\/v2\/pages"}],"about":[{"href":"https:\/\/janina-sachse.de\/pl\/wp-json\/wp\/v2\/types\/page"}],"author":[{"embeddable":true,"href":"https:\/\/janina-sachse.de\/pl\/wp-json\/wp\/v2\/users\/1"}],"replies":[{"embeddable":true,"href":"https:\/\/janina-sachse.de\/pl\/wp-json\/wp\/v2\/comments?post=434"}],"version-history":[{"count":145,"href":"https:\/\/janina-sachse.de\/pl\/wp-json\/wp\/v2\/pages\/434\/revisions"}],"predecessor-version":[{"id":1819,"href":"https:\/\/janina-sachse.de\/pl\/wp-json\/wp\/v2\/pages\/434\/revisions\/1819"}],"wp:attachment":[{"href":"https:\/\/janina-sachse.de\/pl\/wp-json\/wp\/v2\/media?parent=434"}],"curies":[{"name":"wp","href":"https:\/\/api.w.org\/{rel}","templated":true}]}}